{"id":472,"date":"2018-01-29T13:41:34","date_gmt":"2018-01-29T12:41:34","guid":{"rendered":"https:\/\/www.villa-itsasondoa.com\/alquiler-de-apartamento-en-bidart\/"},"modified":"2025-12-28T19:42:34","modified_gmt":"2025-12-28T18:42:34","slug":"ubicacion-apartamento-6-personas-bidart","status":"publish","type":"page","link":"https:\/\/www.villa-itsasondoa.com\/es\/ubicacion-apartamento-6-personas-bidart\/","title":{"rendered":"Alquiler de apartamento en Bidart"},"content":{"rendered":"<p>[vc_row][vc_column][vc_raw_html]JTNDZGl2JTIwY2xhc3MlM0QlMjJidG4tcmVzYSUyMiUzRSUzQ2RpdiUyMGlkJTNEJTIyQ29uc3RlbGxhdGlvbkJ1dHRvbkNvbnRhaW5lcjUzNjUxNzVkLThkNmQtNDFhYy04OWNkLTExNmE3ZGI3MDgxYyUyMiUyMHN0eWxlJTNEJTIyd2lkdGglM0ExMDAlMjUlM0IlMjB0ZXh0LWFsaWduJTNBY2VudGVyJTNCJTIyJTIwdGl0bGUlM0QlMjJWaWxsYSUyMEl0c2FzJTIwT25kb2ElMjAlMjIlMjBkYXRhLWlkLXByb2pldCUzRCUyNzUzNjUxNzVkOGQ2ZDQxYWM4OWNkMTE2YTdkYjcwODFjJTI3JTNFQ2FyZ2FuZG8uLi4lM0MlMkZkaXYlM0UlMjAlM0NzY3JpcHQlMjB0eXBlJTNEJTIydGV4dCUyRmphdmFzY3JpcHQlMjIlMjBzcmMlM0QlMjJodHRwcyUzQSUyRiUyRnJlc2VydmF0aW9uLmVsbG9oYS5jb20lMkZTY3JpcHRzJTJGd2lkZ2V0LWxvYWRlci5taW4uanMlM0Z2JTNEMzklMjIlM0UlM0MlMkZzY3JpcHQlM0UlMjAlM0NzY3JpcHQlMjB0eXBlJTNEJTIydGV4dCUyRmphdmFzY3JpcHQlMjIlM0V2YXIlMjBjb25zdGVsbGF0aW9uV2lkZ2V0VXJsNTM2NTE3NWQ4ZDZkNDFhYzg5Y2QxMTZhN2RiNzA4MWMlMkMlMjBjb25zdGVsbGF0aW9uVHlwZU1vZHVsZTUzNjUxNzVkOGQ2ZDQxYWM4OWNkMTE2YTdkYjcwODFjJTNCJTIwY29uc3RlbGxhdGlvbldpZGdldFVybDUzNjUxNzVkOGQ2ZDQxYWM4OWNkMTE2YTdkYjcwODFjJTIwJTNEJTIwJTI3aHR0cHMlM0ElMkYlMkZyZXNlcnZhdGlvbi5lbGxvaGEuY29tJTJGV2lkZ2V0JTJGQm9va2luZ0J1dHRvbiUyRjUzNjUxNzVkLThkNmQtNDFhYy04OWNkLTExNmE3ZGI3MDgxYyUzRmlkb2klM0QyYmJhMTg5Yy1jNTAxLTQ1ZjgtODkwOS03NzNmNDcxYWY5M2MlMjZjdWx0dXJlJTNEZXMtRVMlMjclM0IlMjBjb25zdGVsbGF0aW9uVHlwZU1vZHVsZTUzNjUxNzVkOGQ2ZDQxYWM4OWNkMTE2YTdkYjcwODFjJTNEMyUzQiUyMGNvbnN0ZWxsYXRpb25Cb29raW5nQnV0dG9uTG9hZCUyOCUyN0NvbnN0ZWxsYXRpb25CdXR0b25Db250YWluZXI1MzY1MTc1ZC04ZDZkLTQxYWMtODljZC0xMTZhN2RiNzA4MWMlMjclMjklM0IlM0MlMkZzY3JpcHQlM0UlMEElM0MlMkZkaXYlM0U=[\/vc_raw_html][vc_row_inner][vc_column_inner width=\u00bb1\/2&#8243;][vc_column_text]<div id=\"metaslider-id-295\" style=\"max-width: 555px;\" class=\"ml-slider-3-28-3 metaslider metaslider-flex metaslider-295 ml-slider nav-hidden\">\n    <div id=\"metaslider_container_295\">\n        <div id=\"metaslider_295\">\n            <ul aria-live=\"polite\" class=\"slides\">\n                <li style=\"display: block; width: 100%;\" class=\"slide-199 ms-image\"><img width=\"639\" height=\"426\" src=\"https:\/\/www.villa-itsasondoa.com\/wp-content\/uploads\/2016\/09\/appartement-bidart-location.jpg\" class=\"slider-295 slide-199\" alt=\"appartement-bidart-location-4-personnes\" loading=\"lazy\" rel=\"\" title=\"\" srcset=\"https:\/\/www.villa-itsasondoa.com\/wp-content\/uploads\/2016\/09\/appartement-bidart-location.jpg 639w, https:\/\/www.villa-itsasondoa.com\/wp-content\/uploads\/2016\/09\/appartement-bidart-location-300x200.jpg 300w\" sizes=\"(max-width: 639px) 100vw, 639px\" \/><\/li>\n                <li style=\"display: none; width: 100%;\" class=\"slide-200 ms-image\"><img width=\"639\" height=\"426\" src=\"https:\/\/www.villa-itsasondoa.com\/wp-content\/uploads\/2016\/09\/bidart-location-vacances.jpg\" class=\"slider-295 slide-200\" alt=\"bidart-location-vacances-barbecue\" loading=\"lazy\" rel=\"\" title=\"\" srcset=\"https:\/\/www.villa-itsasondoa.com\/wp-content\/uploads\/2016\/09\/bidart-location-vacances.jpg 639w, https:\/\/www.villa-itsasondoa.com\/wp-content\/uploads\/2016\/09\/bidart-location-vacances-300x200.jpg 300w\" sizes=\"(max-width: 639px) 100vw, 639px\" \/><\/li>\n                <li style=\"display: none; width: 100%;\" class=\"slide-201 ms-image\"><img width=\"639\" height=\"426\" src=\"https:\/\/www.villa-itsasondoa.com\/wp-content\/uploads\/2016\/09\/bidart-location-1.jpg\" class=\"slider-295 slide-201\" alt=\"bidart-location-bbq\" loading=\"lazy\" rel=\"\" title=\"\" srcset=\"https:\/\/www.villa-itsasondoa.com\/wp-content\/uploads\/2016\/09\/bidart-location-1.jpg 639w, https:\/\/www.villa-itsasondoa.com\/wp-content\/uploads\/2016\/09\/bidart-location-1-300x200.jpg 300w\" sizes=\"(max-width: 639px) 100vw, 639px\" \/><\/li>\n                <li style=\"display: none; width: 100%;\" class=\"slide-202 ms-image\"><img width=\"639\" height=\"426\" src=\"https:\/\/www.villa-itsasondoa.com\/wp-content\/uploads\/2016\/09\/location-a-bidart-1.jpg\" class=\"slider-295 slide-202\" alt=\"location-a-bidart-plancha\" loading=\"lazy\" rel=\"\" title=\"\" srcset=\"https:\/\/www.villa-itsasondoa.com\/wp-content\/uploads\/2016\/09\/location-a-bidart-1.jpg 639w, https:\/\/www.villa-itsasondoa.com\/wp-content\/uploads\/2016\/09\/location-a-bidart-1-300x200.jpg 300w\" sizes=\"(max-width: 639px) 100vw, 639px\" \/><\/li>\n                <li style=\"display: none; width: 100%;\" class=\"slide-203 ms-image\"><img width=\"639\" height=\"426\" src=\"https:\/\/www.villa-itsasondoa.com\/wp-content\/uploads\/2016\/09\/location-appartement-bidart-vacances.jpg\" class=\"slider-295 slide-203\" alt=\"maison-\u00e9t\u00e9-vacances-proche-mer\" loading=\"lazy\" rel=\"\" title=\"\" srcset=\"https:\/\/www.villa-itsasondoa.com\/wp-content\/uploads\/2016\/09\/location-appartement-bidart-vacances.jpg 639w, https:\/\/www.villa-itsasondoa.com\/wp-content\/uploads\/2016\/09\/location-appartement-bidart-vacances-300x200.jpg 300w\" sizes=\"(max-width: 639px) 100vw, 639px\" \/><\/li>\n                <li style=\"display: none; width: 100%;\" class=\"slide-204 ms-image\"><img width=\"639\" height=\"426\" src=\"https:\/\/www.villa-itsasondoa.com\/wp-content\/uploads\/2016\/09\/location-appartement-bidart-2.jpg\" class=\"slider-295 slide-204\" alt=\"location-appartement-proche espagne\" loading=\"lazy\" rel=\"\" title=\"\" srcset=\"https:\/\/www.villa-itsasondoa.com\/wp-content\/uploads\/2016\/09\/location-appartement-bidart-2.jpg 639w, https:\/\/www.villa-itsasondoa.com\/wp-content\/uploads\/2016\/09\/location-appartement-bidart-2-300x200.jpg 300w\" sizes=\"(max-width: 639px) 100vw, 639px\" \/><\/li>\n                <li style=\"display: none; width: 100%;\" class=\"slide-205 ms-image\"><img width=\"639\" height=\"426\" src=\"https:\/\/www.villa-itsasondoa.com\/wp-content\/uploads\/2016\/09\/location-appartement-vacances-bidart.jpg\" class=\"slider-295 slide-205\" alt=\"maison-a-louer-piscine-jardin\" loading=\"lazy\" rel=\"\" title=\"\" srcset=\"https:\/\/www.villa-itsasondoa.com\/wp-content\/uploads\/2016\/09\/location-appartement-vacances-bidart.jpg 639w, https:\/\/www.villa-itsasondoa.com\/wp-content\/uploads\/2016\/09\/location-appartement-vacances-bidart-300x200.jpg 300w\" sizes=\"(max-width: 639px) 100vw, 639px\" \/><\/li>\n                <li style=\"display: none; width: 100%;\" class=\"slide-206 ms-image\"><img width=\"639\" height=\"426\" src=\"https:\/\/www.villa-itsasondoa.com\/wp-content\/uploads\/2016\/09\/location-bidart-particulier-2.jpg\" class=\"slider-295 slide-206\" alt=\"location-bidart-particulier-\u00e0-particulier\" loading=\"lazy\" rel=\"\" title=\"\" srcset=\"https:\/\/www.villa-itsasondoa.com\/wp-content\/uploads\/2016\/09\/location-bidart-particulier-2.jpg 639w, https:\/\/www.villa-itsasondoa.com\/wp-content\/uploads\/2016\/09\/location-bidart-particulier-2-300x200.jpg 300w\" sizes=\"(max-width: 639px) 100vw, 639px\" \/><\/li>\n                <li style=\"display: none; width: 100%;\" class=\"slide-207 ms-image\"><img width=\"639\" height=\"426\" src=\"https:\/\/www.villa-itsasondoa.com\/wp-content\/uploads\/2016\/09\/location-bidart-pas-cher.jpg\" class=\"slider-295 slide-207\" alt=\"location-bidart-pas-cher\" loading=\"lazy\" rel=\"\" title=\"\" srcset=\"https:\/\/www.villa-itsasondoa.com\/wp-content\/uploads\/2016\/09\/location-bidart-pas-cher.jpg 639w, https:\/\/www.villa-itsasondoa.com\/wp-content\/uploads\/2016\/09\/location-bidart-pas-cher-300x200.jpg 300w\" sizes=\"(max-width: 639px) 100vw, 639px\" \/><\/li>\n                <li style=\"display: none; width: 100%;\" class=\"slide-208 ms-image\"><img width=\"639\" height=\"426\" src=\"https:\/\/www.villa-itsasondoa.com\/wp-content\/uploads\/2016\/09\/location-bidart-2.jpg\" class=\"slider-295 slide-208\" alt=\"bayonne-appart-a-louer\" loading=\"lazy\" rel=\"\" title=\"\" srcset=\"https:\/\/www.villa-itsasondoa.com\/wp-content\/uploads\/2016\/09\/location-bidart-2.jpg 639w, https:\/\/www.villa-itsasondoa.com\/wp-content\/uploads\/2016\/09\/location-bidart-2-300x200.jpg 300w\" sizes=\"(max-width: 639px) 100vw, 639px\" \/><\/li>\n                <li style=\"display: none; width: 100%;\" class=\"slide-209 ms-image\"><img width=\"639\" height=\"426\" src=\"https:\/\/www.villa-itsasondoa.com\/wp-content\/uploads\/2016\/09\/location-maison-bidart-2.jpg\" class=\"slider-295 slide-209\" alt=\"location-proche-biarritz\" loading=\"lazy\" rel=\"\" title=\"\" srcset=\"https:\/\/www.villa-itsasondoa.com\/wp-content\/uploads\/2016\/09\/location-maison-bidart-2.jpg 639w, https:\/\/www.villa-itsasondoa.com\/wp-content\/uploads\/2016\/09\/location-maison-bidart-2-300x200.jpg 300w\" sizes=\"(max-width: 639px) 100vw, 639px\" \/><\/li>\n                <li style=\"display: none; width: 100%;\" class=\"slide-210 ms-image\"><img width=\"639\" height=\"426\" src=\"https:\/\/www.villa-itsasondoa.com\/wp-content\/uploads\/2016\/09\/location-vacances-bidart-64.jpg\" class=\"slider-295 slide-210\" alt=\"hebergement-proche-aeroport\" loading=\"lazy\" rel=\"\" title=\"\" srcset=\"https:\/\/www.villa-itsasondoa.com\/wp-content\/uploads\/2016\/09\/location-vacances-bidart-64.jpg 639w, https:\/\/www.villa-itsasondoa.com\/wp-content\/uploads\/2016\/09\/location-vacances-bidart-64-300x200.jpg 300w\" sizes=\"(max-width: 639px) 100vw, 639px\" \/><\/li>\n                <li style=\"display: none; width: 100%;\" class=\"slide-211 ms-image\"><img width=\"639\" height=\"426\" src=\"https:\/\/www.villa-itsasondoa.com\/wp-content\/uploads\/2016\/09\/location-vacances-bidart-particulier-1.jpg\" class=\"slider-295 slide-211\" alt=\"appartement-proche-cote-des-basques\" loading=\"lazy\" rel=\"\" title=\"\" srcset=\"https:\/\/www.villa-itsasondoa.com\/wp-content\/uploads\/2016\/09\/location-vacances-bidart-particulier-1.jpg 639w, https:\/\/www.villa-itsasondoa.com\/wp-content\/uploads\/2016\/09\/location-vacances-bidart-particulier-1-300x200.jpg 300w\" sizes=\"(max-width: 639px) 100vw, 639px\" \/><\/li>\n                <li style=\"display: none; width: 100%;\" class=\"slide-212 ms-image\"><img width=\"639\" height=\"426\" src=\"https:\/\/www.villa-itsasondoa.com\/wp-content\/uploads\/2016\/09\/location-vacances-bidart-pays-basque-1.jpg\" class=\"slider-295 slide-212\" alt=\"appartement-a-louer-biarritz\" loading=\"lazy\" rel=\"\" title=\"\" srcset=\"https:\/\/www.villa-itsasondoa.com\/wp-content\/uploads\/2016\/09\/location-vacances-bidart-pays-basque-1.jpg 639w, https:\/\/www.villa-itsasondoa.com\/wp-content\/uploads\/2016\/09\/location-vacances-bidart-pays-basque-1-300x200.jpg 300w\" sizes=\"(max-width: 639px) 100vw, 639px\" \/><\/li>\n                <li style=\"display: none; width: 100%;\" class=\"slide-213 ms-image\"><img width=\"639\" height=\"426\" src=\"https:\/\/www.villa-itsasondoa.com\/wp-content\/uploads\/2016\/09\/location-vacances-bidart-2.jpg\" class=\"slider-295 slide-213\" alt=\"maison-plage-a-pied\" loading=\"lazy\" rel=\"\" title=\"\" srcset=\"https:\/\/www.villa-itsasondoa.com\/wp-content\/uploads\/2016\/09\/location-vacances-bidart-2.jpg 639w, https:\/\/www.villa-itsasondoa.com\/wp-content\/uploads\/2016\/09\/location-vacances-bidart-2-300x200.jpg 300w\" sizes=\"(max-width: 639px) 100vw, 639px\" \/><\/li>\n                <li style=\"display: none; width: 100%;\" class=\"slide-214 ms-image\"><img width=\"639\" height=\"426\" src=\"https:\/\/www.villa-itsasondoa.com\/wp-content\/uploads\/2016\/09\/location-villa-bidart-2.jpg\" class=\"slider-295 slide-214\" alt=\"cote-atlantique-maison-avec-piscine-chauffee\" loading=\"lazy\" rel=\"\" title=\"\" srcset=\"https:\/\/www.villa-itsasondoa.com\/wp-content\/uploads\/2016\/09\/location-villa-bidart-2.jpg 639w, https:\/\/www.villa-itsasondoa.com\/wp-content\/uploads\/2016\/09\/location-villa-bidart-2-300x200.jpg 300w\" sizes=\"(max-width: 639px) 100vw, 639px\" \/><\/li>\n                <li style=\"display: none; width: 100%;\" class=\"slide-216 ms-image\"><img width=\"639\" height=\"426\" src=\"https:\/\/www.villa-itsasondoa.com\/wp-content\/uploads\/2016\/09\/villa-bidart.jpg\" class=\"slider-295 slide-216\" alt=\"appartement-a-louer-4-personnes\" loading=\"lazy\" rel=\"\" title=\"\" srcset=\"https:\/\/www.villa-itsasondoa.com\/wp-content\/uploads\/2016\/09\/villa-bidart.jpg 639w, https:\/\/www.villa-itsasondoa.com\/wp-content\/uploads\/2016\/09\/villa-bidart-300x200.jpg 300w\" sizes=\"(max-width: 639px) 100vw, 639px\" \/><\/li>\n            <\/ul>\n        <\/div>\n        \n    <\/div>\n<\/div>[\/vc_column_text][\/vc_column_inner][vc_column_inner width=\u00bb1\/2&#8243;][vc_column_text]1.\u00aa planta 95 m\u00b2<\/p>\n<p>3 habitaciones con 2 camas (2 camas de 80&#215;200)<\/p>\n<p>1 suite parental (1 cama de 160&#215;200 con cuarto de ba\u00f1o)<\/p>\n<p>2 cuartos de ba\u00f1o con ducha italiana, secador y secatoallas<\/p>\n<p>(<em>uno de ellos en la suite parental<\/em>) (<em>uno de ellos<\/em> <em>equipado con una lavadora\/secadora<\/em>),<\/p>\n<p>1 WC separado<\/p>\n<p>1 cocina equipada con lavavajillas y horno + microondas<\/p>\n<p>1 sal\u00f3n-comedor con acceso al balc\u00f3n con orientaci\u00f3n este y sur, y con muebles de terraza y sombrilla.<\/p>\n<p>1 televisi\u00f3n y lector DVD en el sal\u00f3n<\/p>\n<p><strong>Piscina comunitaria climatizada y vigilada (de mayo a settiembre*)<\/strong><\/p>\n<p>*(si las temperaturas externas nos lo permiten un gesto para nuestro planeta)<\/p>\n<p>WIFI gratis<\/p>\n<p>Climatizaci\u00f3n reversible<\/p>\n<p>Posibilidad de servicio de catering a domicilio si se solicita<\/p>\n<p>Inventario completo si se solicita[\/vc_column_text][\/vc_column_inner][\/vc_row_inner][\/vc_column][\/vc_row][vc_row][vc_column][vc_column_text]<\/p>\n<h2>Tarifas 2026 Le Botero: Apartamento de alquiler en Bidart<\/h2>\n<p>[\/vc_column_text][vc_column_text]\n<table id=\"tablepress-12\" class=\"tablepress tablepress-id-12\">\n<thead>\n<tr class=\"row-1 odd\">\n\t<th class=\"column-1\"><\/th><th class=\"column-2\">Periodos<\/th><th class=\"column-3\">Tarifas m\u00edn. 7 noches<\/th><th class=\"column-4\">Estancia de min 2 noches precio\/noche<\/th>\n<\/tr>\n<\/thead>\n<tbody class=\"row-hover\">\n<tr class=\"row-2 even\">\n\t<td class=\"column-1\">Temporada baja azul<\/td><td class=\"column-2\">5\/1 al 6\/2\/26<br \/>\n9\/3 al 3\/4\/26<br \/>\n21\/9 al 18\/10\/26<br \/>\n1\/11 al 18\/12\/26<\/td><td class=\"column-3\">1 120 \u20ac<\/td><td class=\"column-4\">Por favor cont\u00e1ctenos por mail o hacer una simulaci\u00f3n en la red<\/td>\n<\/tr>\n<tr class=\"row-3 odd\">\n\t<td class=\"column-1\">Primavera\/Automnio violeta<\/td><td class=\"column-2\">1\/1 al 4\/1\/26<br \/>\n7\/2 al 8\/3\/26<br \/>\n4\/4 al 30\/4\/26<br \/>\n17\/10 al 31\/10\/26<br \/>\n19\/12 al 31\/12\/26<\/td><td class=\"column-3\">1 400 \u20ac<\/td><td class=\"column-4\">Por favor cont\u00e1ctenos por mail o hacer una simulaci\u00f3n en la red<\/td>\n<\/tr>\n<tr class=\"row-4 even\">\n\t<td class=\"column-1\">Temporada media verde<\/td><td class=\"column-2\">1\/5 al 30\/6\/26<br \/>\n1\/9 al 20\/9\/26<\/td><td class=\"column-3\">1 400 \u20ac<br \/>\n<\/td><td class=\"column-4\">Por favor cont\u00e1ctenos por mail o hacer una simulaci\u00f3n en la red<\/td>\n<\/tr>\n<tr class=\"row-5 odd\">\n\t<td class=\"column-1\">Temporada alta amarillo<\/td><td class=\"column-2\">1\/7 al 12\/7\/26<\/td><td class=\"column-3\">2 499 \u20ac<\/td><td class=\"column-4\">N\/A<\/td>\n<\/tr>\n<tr class=\"row-6 even\">\n\t<td class=\"column-1\">Temporada super alta<br \/>\nroja<\/td><td class=\"column-2\">12\/7 al 31\/8\/26<\/td><td class=\"column-3\">2 999 \u20ac<br \/>\n<\/td><td class=\"column-4\">N\/A<br \/>\n<\/td>\n<\/tr>\n<\/tbody>\n<\/table>\n<!-- #tablepress-12 from cache -->[\/vc_column_text][\/vc_column][\/vc_row]<\/p>\n","protected":false},"excerpt":{"rendered":"<p>[vc_row][vc_column][vc_raw_html]JTNDZGl2JTIwY2xhc3MlM0QlMjJidG4tcmVzYSUyMiUzRSUzQ2RpdiUyMGlkJTNEJTIyQ29uc3RlbGxhdGlvbkJ1dHRvbkNvbnRhaW5lcjUzNjUxNzVkLThkNmQtNDFhYy04OWNkLTExNmE3ZGI3MDgxYyUyMiUyMHN0eWxlJTNEJTIyd2lkdGglM0ExMDAlMjUlM0IlMjB0ZXh0LWFsaWduJTNBY2VudGVyJTNCJTIyJTIwdGl0bGUlM0QlMjJWaWxsYSUyMEl0c2FzJTIwT25kb2ElMjAlMjIlMjBkYXRhLWlkLXByb2pldCUzRCUyNzUzNjUxNzVkOGQ2ZDQxYWM4OWNkMTE2YTdkYjcwODFjJTI3JTNFQ2FyZ2FuZG8uLi4lM0MlMkZkaXYlM0UlMjAlM0NzY3JpcHQlMjB0eXBlJTNEJTIydGV4dCUyRmphdmFzY3JpcHQlMjIlMjBzcmMlM0QlMjJodHRwcyUzQSUyRiUyRnJlc2VydmF0aW9uLmVsbG9oYS5jb20lMkZTY3JpcHRzJTJGd2lkZ2V0LWxvYWRlci5taW4uanMlM0Z2JTNEMzklMjIlM0UlM0MlMkZzY3JpcHQlM0UlMjAlM0NzY3JpcHQlMjB0eXBlJTNEJTIydGV4dCUyRmphdmFzY3JpcHQlMjIlM0V2YXIlMjBjb25zdGVsbGF0aW9uV2lkZ2V0VXJsNTM2NTE3NWQ4ZDZkNDFhYzg5Y2QxMTZhN2RiNzA4MWMlMkMlMjBjb25zdGVsbGF0aW9uVHlwZU1vZHVsZTUzNjUxNzVkOGQ2ZDQxYWM4OWNkMTE2YTdkYjcwODFjJTNCJTIwY29uc3RlbGxhdGlvbldpZGdldFVybDUzNjUxNzVkOGQ2ZDQxYWM4OWNkMTE2YTdkYjcwODFjJTIwJTNEJTIwJTI3aHR0cHMlM0ElMkYlMkZyZXNlcnZhdGlvbi5lbGxvaGEuY29tJTJGV2lkZ2V0JTJGQm9va2luZ0J1dHRvbiUyRjUzNjUxNzVkLThkNmQtNDFhYy04OWNkLTExNmE3ZGI3MDgxYyUzRmlkb2klM0QyYmJhMTg5Yy1jNTAxLTQ1ZjgtODkwOS03NzNmNDcxYWY5M2MlMjZjdWx0dXJlJTNEZXMtRVMlMjclM0IlMjBjb25zdGVsbGF0aW9uVHlwZU1vZHVsZTUzNjUxNzVkOGQ2ZDQxYWM4OWNkMTE2YTdkYjcwODFjJTNEMyUzQiUyMGNvbnN0ZWxsYXRpb25Cb29raW5nQnV0dG9uTG9hZCUyOCUyN0NvbnN0ZWxsYXRpb25CdXR0b25Db250YWluZXI1MzY1MTc1ZC04ZDZkLTQxYWMtODljZC0xMTZhN2RiNzA4MWMlMjclMjklM0IlM0MlMkZzY3JpcHQlM0UlMEElM0MlMkZkaXYlM0U=[\/vc_raw_html][vc_row_inner][vc_column_inner width=\u00bb1\/2&#8243;][vc_column_text][\/vc_column_text][\/vc_column_inner][vc_column_inner width=\u00bb1\/2&#8243;][vc_column_text]1.\u00aa planta 95 m\u00b2 3 habitaciones con 2 [&hellip;]<\/p>\n<a href=\"https:\/\/www.villa-itsasondoa.com\/es\/ubicacion-apartamento-6-personas-bidart\/\">View Post<\/a>","protected":false},"author":1,"featured_media":0,"parent":0,"menu_order":0,"comment_status":"closed","ping_status":"closed","template":"","meta":[],"yoast_head":"<!-- This site is optimized with the Yoast SEO plugin v20.1 - https:\/\/yoast.com\/wordpress\/plugins\/seo\/ -->\n<title>Alquiler de vacaciones en Bidart, Pa\u00eds Vasco - Alquiler particular en Bidart - Villa Itsas Ondoa<\/title>\n<meta name=\"robots\" content=\"index, follow, max-snippet:-1, max-image-preview:large, max-video-preview:-1\" \/>\n<link rel=\"canonical\" href=\"https:\/\/www.villa-itsasondoa.com\/es\/ubicacion-apartamento-6-personas-bidart\/\" \/>\n<meta property=\"og:locale\" content=\"es_ES\" \/>\n<meta property=\"og:type\" content=\"article\" \/>\n<meta property=\"og:title\" content=\"Alquiler de vacaciones en Bidart, Pa\u00eds Vasco - Alquiler particular en Bidart - Villa Itsas Ondoa\" \/>\n<meta property=\"og:description\" content=\"[vc_row][vc_column][vc_raw_html]JTNDZGl2JTIwY2xhc3MlM0QlMjJidG4tcmVzYSUyMiUzRSUzQ2RpdiUyMGlkJTNEJTIyQ29uc3RlbGxhdGlvbkJ1dHRvbkNvbnRhaW5lcjUzNjUxNzVkLThkNmQtNDFhYy04OWNkLTExNmE3ZGI3MDgxYyUyMiUyMHN0eWxlJTNEJTIyd2lkdGglM0ExMDAlMjUlM0IlMjB0ZXh0LWFsaWduJTNBY2VudGVyJTNCJTIyJTIwdGl0bGUlM0QlMjJWaWxsYSUyMEl0c2FzJTIwT25kb2ElMjAlMjIlMjBkYXRhLWlkLXByb2pldCUzRCUyNzUzNjUxNzVkOGQ2ZDQxYWM4OWNkMTE2YTdkYjcwODFjJTI3JTNFQ2FyZ2FuZG8uLi4lM0MlMkZkaXYlM0UlMjAlM0NzY3JpcHQlMjB0eXBlJTNEJTIydGV4dCUyRmphdmFzY3JpcHQlMjIlMjBzcmMlM0QlMjJodHRwcyUzQSUyRiUyRnJlc2VydmF0aW9uLmVsbG9oYS5jb20lMkZTY3JpcHRzJTJGd2lkZ2V0LWxvYWRlci5taW4uanMlM0Z2JTNEMzklMjIlM0UlM0MlMkZzY3JpcHQlM0UlMjAlM0NzY3JpcHQlMjB0eXBlJTNEJTIydGV4dCUyRmphdmFzY3JpcHQlMjIlM0V2YXIlMjBjb25zdGVsbGF0aW9uV2lkZ2V0VXJsNTM2NTE3NWQ4ZDZkNDFhYzg5Y2QxMTZhN2RiNzA4MWMlMkMlMjBjb25zdGVsbGF0aW9uVHlwZU1vZHVsZTUzNjUxNzVkOGQ2ZDQxYWM4OWNkMTE2YTdkYjcwODFjJTNCJTIwY29uc3RlbGxhdGlvbldpZGdldFVybDUzNjUxNzVkOGQ2ZDQxYWM4OWNkMTE2YTdkYjcwODFjJTIwJTNEJTIwJTI3aHR0cHMlM0ElMkYlMkZyZXNlcnZhdGlvbi5lbGxvaGEuY29tJTJGV2lkZ2V0JTJGQm9va2luZ0J1dHRvbiUyRjUzNjUxNzVkLThkNmQtNDFhYy04OWNkLTExNmE3ZGI3MDgxYyUzRmlkb2klM0QyYmJhMTg5Yy1jNTAxLTQ1ZjgtODkwOS03NzNmNDcxYWY5M2MlMjZjdWx0dXJlJTNEZXMtRVMlMjclM0IlMjBjb25zdGVsbGF0aW9uVHlwZU1vZHVsZTUzNjUxNzVkOGQ2ZDQxYWM4OWNkMTE2YTdkYjcwODFjJTNEMyUzQiUyMGNvbnN0ZWxsYXRpb25Cb29raW5nQnV0dG9uTG9hZCUyOCUyN0NvbnN0ZWxsYXRpb25CdXR0b25Db250YWluZXI1MzY1MTc1ZC04ZDZkLTQxYWMtODljZC0xMTZhN2RiNzA4MWMlMjclMjklM0IlM0MlMkZzY3JpcHQlM0UlMEElM0MlMkZkaXYlM0U=[\/vc_raw_html][vc_row_inner][vc_column_inner width=\u00bb1\/2&#8243;][vc_column_text][\/vc_column_text][\/vc_column_inner][vc_column_inner width=\u00bb1\/2&#8243;][vc_column_text]1.\u00aa planta 95 m\u00b2 3 habitaciones con 2 [&hellip;]\" \/>\n<meta property=\"og:url\" content=\"https:\/\/www.villa-itsasondoa.com\/es\/ubicacion-apartamento-6-personas-bidart\/\" \/>\n<meta property=\"og:site_name\" content=\"Itsas Ondoa\" \/>\n<meta property=\"article:modified_time\" content=\"2025-12-28T18:42:34+00:00\" \/>\n<meta name=\"twitter:card\" content=\"summary_large_image\" \/>\n<meta name=\"twitter:label1\" content=\"Tiempo de lectura\" \/>\n\t<meta name=\"twitter:data1\" content=\"1 minuto\" \/>\n<script type=\"application\/ld+json\" class=\"yoast-schema-graph\">{\"@context\":\"https:\/\/schema.org\",\"@graph\":[{\"@type\":\"WebPage\",\"@id\":\"https:\/\/www.villa-itsasondoa.com\/es\/ubicacion-apartamento-6-personas-bidart\/\",\"url\":\"https:\/\/www.villa-itsasondoa.com\/es\/ubicacion-apartamento-6-personas-bidart\/\",\"name\":\"Alquiler de vacaciones en Bidart, Pa\u00eds Vasco - Alquiler particular en Bidart - Villa Itsas Ondoa\",\"isPartOf\":{\"@id\":\"https:\/\/www.villa-itsasondoa.com\/#website\"},\"datePublished\":\"2018-01-29T12:41:34+00:00\",\"dateModified\":\"2025-12-28T18:42:34+00:00\",\"breadcrumb\":{\"@id\":\"https:\/\/www.villa-itsasondoa.com\/es\/ubicacion-apartamento-6-personas-bidart\/#breadcrumb\"},\"inLanguage\":\"es\",\"potentialAction\":[{\"@type\":\"ReadAction\",\"target\":[\"https:\/\/www.villa-itsasondoa.com\/es\/ubicacion-apartamento-6-personas-bidart\/\"]}]},{\"@type\":\"BreadcrumbList\",\"@id\":\"https:\/\/www.villa-itsasondoa.com\/es\/ubicacion-apartamento-6-personas-bidart\/#breadcrumb\",\"itemListElement\":[{\"@type\":\"ListItem\",\"position\":1,\"name\":\"Accueil\",\"item\":\"https:\/\/www.villa-itsasondoa.com\/es\/\"},{\"@type\":\"ListItem\",\"position\":2,\"name\":\"Alquiler de apartamento en Bidart\"}]},{\"@type\":\"WebSite\",\"@id\":\"https:\/\/www.villa-itsasondoa.com\/#website\",\"url\":\"https:\/\/www.villa-itsasondoa.com\/\",\"name\":\"Itsas Ondoa\",\"description\":\"\",\"publisher\":{\"@id\":\"https:\/\/www.villa-itsasondoa.com\/#organization\"},\"potentialAction\":[{\"@type\":\"SearchAction\",\"target\":{\"@type\":\"EntryPoint\",\"urlTemplate\":\"https:\/\/www.villa-itsasondoa.com\/?s={search_term_string}\"},\"query-input\":\"required name=search_term_string\"}],\"inLanguage\":\"es\"},{\"@type\":\"Organization\",\"@id\":\"https:\/\/www.villa-itsasondoa.com\/#organization\",\"name\":\"Itsas Ondoa\",\"url\":\"https:\/\/www.villa-itsasondoa.com\/\",\"logo\":{\"@type\":\"ImageObject\",\"inLanguage\":\"es\",\"@id\":\"https:\/\/www.villa-itsasondoa.com\/#\/schema\/logo\/image\/\",\"url\":\"\",\"contentUrl\":\"\",\"caption\":\"Itsas Ondoa\"},\"image\":{\"@id\":\"https:\/\/www.villa-itsasondoa.com\/#\/schema\/logo\/image\/\"}}]}<\/script>\n<!-- \/ Yoast SEO plugin. -->","yoast_head_json":{"title":"Alquiler de vacaciones en Bidart, Pa\u00eds Vasco - Alquiler particular en Bidart - Villa Itsas Ondoa","robots":{"index":"index","follow":"follow","max-snippet":"max-snippet:-1","max-image-preview":"max-image-preview:large","max-video-preview":"max-video-preview:-1"},"canonical":"https:\/\/www.villa-itsasondoa.com\/es\/ubicacion-apartamento-6-personas-bidart\/","og_locale":"es_ES","og_type":"article","og_title":"Alquiler de vacaciones en Bidart, Pa\u00eds Vasco - Alquiler particular en Bidart - Villa Itsas Ondoa","og_description":"[vc_row][vc_column][vc_raw_html]JTNDZGl2JTIwY2xhc3MlM0QlMjJidG4tcmVzYSUyMiUzRSUzQ2RpdiUyMGlkJTNEJTIyQ29uc3RlbGxhdGlvbkJ1dHRvbkNvbnRhaW5lcjUzNjUxNzVkLThkNmQtNDFhYy04OWNkLTExNmE3ZGI3MDgxYyUyMiUyMHN0eWxlJTNEJTIyd2lkdGglM0ExMDAlMjUlM0IlMjB0ZXh0LWFsaWduJTNBY2VudGVyJTNCJTIyJTIwdGl0bGUlM0QlMjJWaWxsYSUyMEl0c2FzJTIwT25kb2ElMjAlMjIlMjBkYXRhLWlkLXByb2pldCUzRCUyNzUzNjUxNzVkOGQ2ZDQxYWM4OWNkMTE2YTdkYjcwODFjJTI3JTNFQ2FyZ2FuZG8uLi4lM0MlMkZkaXYlM0UlMjAlM0NzY3JpcHQlMjB0eXBlJTNEJTIydGV4dCUyRmphdmFzY3JpcHQlMjIlMjBzcmMlM0QlMjJodHRwcyUzQSUyRiUyRnJlc2VydmF0aW9uLmVsbG9oYS5jb20lMkZTY3JpcHRzJTJGd2lkZ2V0LWxvYWRlci5taW4uanMlM0Z2JTNEMzklMjIlM0UlM0MlMkZzY3JpcHQlM0UlMjAlM0NzY3JpcHQlMjB0eXBlJTNEJTIydGV4dCUyRmphdmFzY3JpcHQlMjIlM0V2YXIlMjBjb25zdGVsbGF0aW9uV2lkZ2V0VXJsNTM2NTE3NWQ4ZDZkNDFhYzg5Y2QxMTZhN2RiNzA4MWMlMkMlMjBjb25zdGVsbGF0aW9uVHlwZU1vZHVsZTUzNjUxNzVkOGQ2ZDQxYWM4OWNkMTE2YTdkYjcwODFjJTNCJTIwY29uc3RlbGxhdGlvbldpZGdldFVybDUzNjUxNzVkOGQ2ZDQxYWM4OWNkMTE2YTdkYjcwODFjJTIwJTNEJTIwJTI3aHR0cHMlM0ElMkYlMkZyZXNlcnZhdGlvbi5lbGxvaGEuY29tJTJGV2lkZ2V0JTJGQm9va2luZ0J1dHRvbiUyRjUzNjUxNzVkLThkNmQtNDFhYy04OWNkLTExNmE3ZGI3MDgxYyUzRmlkb2klM0QyYmJhMTg5Yy1jNTAxLTQ1ZjgtODkwOS03NzNmNDcxYWY5M2MlMjZjdWx0dXJlJTNEZXMtRVMlMjclM0IlMjBjb25zdGVsbGF0aW9uVHlwZU1vZHVsZTUzNjUxNzVkOGQ2ZDQxYWM4OWNkMTE2YTdkYjcwODFjJTNEMyUzQiUyMGNvbnN0ZWxsYXRpb25Cb29raW5nQnV0dG9uTG9hZCUyOCUyN0NvbnN0ZWxsYXRpb25CdXR0b25Db250YWluZXI1MzY1MTc1ZC04ZDZkLTQxYWMtODljZC0xMTZhN2RiNzA4MWMlMjclMjklM0IlM0MlMkZzY3JpcHQlM0UlMEElM0MlMkZkaXYlM0U=[\/vc_raw_html][vc_row_inner][vc_column_inner width=\u00bb1\/2&#8243;][vc_column_text][\/vc_column_text][\/vc_column_inner][vc_column_inner width=\u00bb1\/2&#8243;][vc_column_text]1.\u00aa planta 95 m\u00b2 3 habitaciones con 2 [&hellip;]","og_url":"https:\/\/www.villa-itsasondoa.com\/es\/ubicacion-apartamento-6-personas-bidart\/","og_site_name":"Itsas Ondoa","article_modified_time":"2025-12-28T18:42:34+00:00","twitter_card":"summary_large_image","twitter_misc":{"Tiempo de lectura":"1 minuto"},"schema":{"@context":"https:\/\/schema.org","@graph":[{"@type":"WebPage","@id":"https:\/\/www.villa-itsasondoa.com\/es\/ubicacion-apartamento-6-personas-bidart\/","url":"https:\/\/www.villa-itsasondoa.com\/es\/ubicacion-apartamento-6-personas-bidart\/","name":"Alquiler de vacaciones en Bidart, Pa\u00eds Vasco - Alquiler particular en Bidart - Villa Itsas Ondoa","isPartOf":{"@id":"https:\/\/www.villa-itsasondoa.com\/#website"},"datePublished":"2018-01-29T12:41:34+00:00","dateModified":"2025-12-28T18:42:34+00:00","breadcrumb":{"@id":"https:\/\/www.villa-itsasondoa.com\/es\/ubicacion-apartamento-6-personas-bidart\/#breadcrumb"},"inLanguage":"es","potentialAction":[{"@type":"ReadAction","target":["https:\/\/www.villa-itsasondoa.com\/es\/ubicacion-apartamento-6-personas-bidart\/"]}]},{"@type":"BreadcrumbList","@id":"https:\/\/www.villa-itsasondoa.com\/es\/ubicacion-apartamento-6-personas-bidart\/#breadcrumb","itemListElement":[{"@type":"ListItem","position":1,"name":"Accueil","item":"https:\/\/www.villa-itsasondoa.com\/es\/"},{"@type":"ListItem","position":2,"name":"Alquiler de apartamento en Bidart"}]},{"@type":"WebSite","@id":"https:\/\/www.villa-itsasondoa.com\/#website","url":"https:\/\/www.villa-itsasondoa.com\/","name":"Itsas Ondoa","description":"","publisher":{"@id":"https:\/\/www.villa-itsasondoa.com\/#organization"},"potentialAction":[{"@type":"SearchAction","target":{"@type":"EntryPoint","urlTemplate":"https:\/\/www.villa-itsasondoa.com\/?s={search_term_string}"},"query-input":"required name=search_term_string"}],"inLanguage":"es"},{"@type":"Organization","@id":"https:\/\/www.villa-itsasondoa.com\/#organization","name":"Itsas Ondoa","url":"https:\/\/www.villa-itsasondoa.com\/","logo":{"@type":"ImageObject","inLanguage":"es","@id":"https:\/\/www.villa-itsasondoa.com\/#\/schema\/logo\/image\/","url":"","contentUrl":"","caption":"Itsas Ondoa"},"image":{"@id":"https:\/\/www.villa-itsasondoa.com\/#\/schema\/logo\/image\/"}}]}},"_links":{"self":[{"href":"https:\/\/www.villa-itsasondoa.com\/es\/wp-json\/wp\/v2\/pages\/472"}],"collection":[{"href":"https:\/\/www.villa-itsasondoa.com\/es\/wp-json\/wp\/v2\/pages"}],"about":[{"href":"https:\/\/www.villa-itsasondoa.com\/es\/wp-json\/wp\/v2\/types\/page"}],"author":[{"embeddable":true,"href":"https:\/\/www.villa-itsasondoa.com\/es\/wp-json\/wp\/v2\/users\/1"}],"replies":[{"embeddable":true,"href":"https:\/\/www.villa-itsasondoa.com\/es\/wp-json\/wp\/v2\/comments?post=472"}],"version-history":[{"count":15,"href":"https:\/\/www.villa-itsasondoa.com\/es\/wp-json\/wp\/v2\/pages\/472\/revisions"}],"predecessor-version":[{"id":1010,"href":"https:\/\/www.villa-itsasondoa.com\/es\/wp-json\/wp\/v2\/pages\/472\/revisions\/1010"}],"wp:attachment":[{"href":"https:\/\/www.villa-itsasondoa.com\/es\/wp-json\/wp\/v2\/media?parent=472"}],"curies":[{"name":"wp","href":"https:\/\/api.w.org\/{rel}","templated":true}]}}